{"id":15265,"date":"2025-11-15T16:32:51","date_gmt":"2025-11-15T16:32:51","guid":{"rendered":"https:\/\/amane.pl\/?post_type=product&#038;p=15265"},"modified":"2025-11-15T16:39:21","modified_gmt":"2025-11-15T16:39:21","slug":"zestaw-krampus","status":"publish","type":"product","link":"https:\/\/amane.pl\/?product=zestaw-krampus","title":{"rendered":"Zestaw Krampus"},"content":{"rendered":"<p><img loading=\"lazy\" decoding=\"async\" class=\"alignnone size-medium wp-image-14134\" src=\"https:\/\/amane.pl\/wp-content\/uploads\/2024\/10\/rekodzielo-1-e1727865941205-300x132.png\" alt=\"\" width=\"300\" height=\"132\" srcset=\"https:\/\/amane.pl\/wp-content\/uploads\/2024\/10\/rekodzielo-1-e1727865941205-300x132.png 300w, https:\/\/amane.pl\/wp-content\/uploads\/2024\/10\/rekodzielo-1-e1727865941205-420x185.png 420w, https:\/\/amane.pl\/wp-content\/uploads\/2024\/10\/rekodzielo-1-e1727865941205-380x167.png 380w, https:\/\/amane.pl\/wp-content\/uploads\/2024\/10\/rekodzielo-1-e1727865941205.png 500w\" sizes=\"auto, (max-width: 300px) 100vw, 300px\" \/><\/p>\n<p><strong>Opakowanie<\/strong>: czarne, kartonowe<\/p>\n<p><strong>Wymiary<\/strong>: <a>28 x 24 x 9 cm.<\/a><\/p>\n<p>&nbsp;<\/p>\n","protected":false},"excerpt":{"rendered":"<p><b>Mroczne \u015bwi\u0119ta zamkni\u0119te w pude\u0142ku\u2026<\/b><\/p>\n<p><img loading=\"lazy\" decoding=\"async\" class=\"alignnone wp-image-14174\" src=\"https:\/\/amane.pl\/wp-content\/uploads\/2024\/10\/3-300x300.png\" alt=\"\" width=\"244\" height=\"244\" srcset=\"https:\/\/amane.pl\/wp-content\/uploads\/2024\/10\/3-300x300.png 300w, https:\/\/amane.pl\/wp-content\/uploads\/2024\/10\/3-420x420.png 420w, https:\/\/amane.pl\/wp-content\/uploads\/2024\/10\/3-100x100.png 100w, https:\/\/amane.pl\/wp-content\/uploads\/2024\/10\/3-150x150.png 150w, https:\/\/amane.pl\/wp-content\/uploads\/2024\/10\/3-380x380.png 380w, https:\/\/amane.pl\/wp-content\/uploads\/2024\/10\/3.png 500w\" sizes=\"auto, (max-width: 244px) 100vw, 244px\" \/><\/p>\n<p>W zestawie znajdziesz produkty:<\/p>\n<ul>\n<li><a href=\"https:\/\/amane.pl\/?product=mystic-candle-krampus\">\u015bwieca sojowa krampus<\/a><\/li>\n<li>r\u0119cznie wyrabiane myd\u0142o glicerynowe o \u015bwi\u0105tecznym iglasto-korzennym zapachu<\/li>\n<li>bursztynowy olejek do cia\u0142a &#8211; zapach do wyboru:<\/li>\n<\/ul>\n<p><strong>\u2666\u00a0<\/strong><strong>Zapach\u00a0<em>Smoky Vanilla \u2666<\/em><\/strong><\/p>\n<p><span class=\"OYPEnA font-feature-liga-off font-feature-clig-off font-feature-calt-off text-decoration-none text-strikethrough-none\">Jest\u00a0<\/span><span class=\"OYPEnA font-feature-liga-off font-feature-clig-off font-feature-calt-off text-decoration-none text-strikethrough-none\">to kompozycja s\u0142odko-otulaj\u0105ca. Wyczujesz tu nuty palonych migda\u0142\u00f3w zanurzonych w kremowej wanilii.<\/span><\/p>\n<p><strong>nuty g\u0142owy<\/strong>: wanilia bourbon, migda\u0142y<\/p>\n<p><strong>nuty serca<\/strong>: marcepan, br\u0105zowy cukier<\/p>\n<p><strong>nuty bazy<\/strong>: wanilia, bursztyn, pi\u017cmo, fasola tonka<\/p>\n<p>&nbsp;<\/p>\n<p><strong>\u2666 Zapach\u00a0<em>Wine &amp; Blood \u2666<\/em><\/strong><\/p>\n<p><span class=\"OYPEnA font-feature-liga-off font-feature-clig-off font-feature-calt-off text-decoration-none text-strikethrough-none\">Jest to kompozycja orientalno-kwiatowa. Wyczujesz tu nuty drzewne i \u017cywiczne po\u0142\u0105czone ze s\u0142odycz\u0105 balsamicznego zapachu bia\u0142ych kwiat\u00f3w.<\/span><\/p>\n<p><strong>nuty g\u0142owy<\/strong>: mi\u00f3d, cynamon<\/p>\n<p><strong>nuty serca<\/strong>: ja\u015bmin, kwiat pomara\u0144czy, r\u00f3\u017ca<\/p>\n<p><strong>nuty bazy<\/strong>: agar, ambroksan, ambrette<\/p>\n","protected":false},"featured_media":15266,"comment_status":"open","ping_status":"closed","template":"","meta":{"_monsterinsights_skip_tracking":false,"_monsterinsights_sitenote_active":false,"_monsterinsights_sitenote_note":"","_monsterinsights_sitenote_category":0},"product_brand":[],"product_cat":[115],"product_tag":[],"class_list":{"0":"post-15265","1":"product","2":"type-product","3":"status-publish","4":"has-post-thumbnail","6":"product_cat-mroczne-swieta","8":"first","9":"instock","10":"shipping-taxable","11":"purchasable","12":"product-type-variable"},"_links":{"self":[{"href":"https:\/\/amane.pl\/index.php?rest_route=\/wp\/v2\/product\/15265","targetHints":{"allow":["GET"]}}],"collection":[{"href":"https:\/\/amane.pl\/index.php?rest_route=\/wp\/v2\/product"}],"about":[{"href":"https:\/\/amane.pl\/index.php?rest_route=\/wp\/v2\/types\/product"}],"replies":[{"embeddable":true,"href":"https:\/\/amane.pl\/index.php?rest_route=%2Fwp%2Fv2%2Fcomments&post=15265"}],"wp:featuredmedia":[{"embeddable":true,"href":"https:\/\/amane.pl\/index.php?rest_route=\/wp\/v2\/media\/15266"}],"wp:attachment":[{"href":"https:\/\/amane.pl\/index.php?rest_route=%2Fwp%2Fv2%2Fmedia&parent=15265"}],"wp:term":[{"taxonomy":"product_brand","embeddable":true,"href":"https:\/\/amane.pl\/index.php?rest_route=%2Fwp%2Fv2%2Fproduct_brand&post=15265"},{"taxonomy":"product_cat","embeddable":true,"href":"https:\/\/amane.pl\/index.php?rest_route=%2Fwp%2Fv2%2Fproduct_cat&post=15265"},{"taxonomy":"product_tag","embeddable":true,"href":"https:\/\/amane.pl\/index.php?rest_route=%2Fwp%2Fv2%2Fproduct_tag&post=15265"}],"curies":[{"name":"wp","href":"https:\/\/api.w.org\/{rel}","templated":true}]}}